{"id":360,"date":"2023-06-29T15:48:42","date_gmt":"2023-06-29T13:48:42","guid":{"rendered":"http:\/\/pflege-maya.de\/?page_id=360"},"modified":"2023-07-27T12:32:21","modified_gmt":"2023-07-27T10:32:21","slug":"unsere-leistungen","status":"publish","type":"page","link":"https:\/\/pflege-maya.de\/?page_id=360","title":{"rendered":"Unsere Leistungen"},"content":{"rendered":"<p>[et_pb_section fb_built=&#8220;1&#8243; admin_label=&#8220;Hero&#8220; _builder_version=&#8220;4.21.0&#8243; background_color=&#8220;#66ccff&#8220; use_background_color_gradient=&#8220;on&#8220; background_color_gradient_stops=&#8220;rgba(255,255,255,0) 0%|#66ccff 100%&#8220; background_color_gradient_overlays_image=&#8220;on&#8220; background_color_gradient_start=&#8220;rgba(255,255,255,0)&#8220; background_color_gradient_end=&#8220;#66ccff&#8220; background_image=&#8220;https:\/\/pflege-maya.de\/wp-content\/uploads\/2023\/07\/Unsere-Leistungen_Header.jpg&#8220; custom_padding=&#8220;0|0px|0px|0px|false|false&#8220; bottom_divider_height=&#8220;0px&#8220; border_radii=&#8220;off|||30em|&#8220; border_width_bottom=&#8220;1px&#8220; border_color_bottom=&#8220;#efefef&#8220; box_shadow_style=&#8220;preset1&#8243; global_colors_info=&#8220;{}&#8220;][et_pb_row column_structure=&#8220;1_2,1_2&#8243; _builder_version=&#8220;4.21.0&#8243; width=&#8220;100%&#8220; max_width=&#8220;100%&#8220; custom_margin=&#8220;|||&#8220; custom_margin_tablet=&#8220;||0px|&#8220; custom_margin_phone=&#8220;&#8220; custom_margin_last_edited=&#8220;on|desktop&#8220; custom_padding=&#8220;0|0px|0px|0px|false|false&#8220; use_custom_width=&#8220;on&#8220; width_unit=&#8220;off&#8220; custom_width_percent=&#8220;100%&#8220; global_colors_info=&#8220;{}&#8220;][et_pb_column type=&#8220;1_2&#8243; _builder_version=&#8220;4.16&#8243; custom_padding=&#8220;6%||6%|12%&#8220; custom_padding_tablet=&#8220;50px|50px|50px|50px&#8220; custom_padding_phone=&#8220;&#8220; custom_padding_last_edited=&#8220;on|tablet&#8220; global_colors_info=&#8220;{}&#8220; padding_tablet=&#8220;50px|50px|50px|50px&#8220; padding_last_edited=&#8220;on|tablet&#8220; custom_padding__hover=&#8220;|||&#8220; padding_phone=&#8220;50px|50px|50px|50px&#8220;][et_pb_text _builder_version=&#8220;4.16&#8243; text_font=&#8220;Montserrat|300|||||||&#8220; text_text_color=&#8220;#ffffff&#8220; text_font_size=&#8220;16px&#8220; text_line_height=&#8220;1.8em&#8220; header_font=&#8220;Montserrat||||||||&#8220; header_font_size=&#8220;50px&#8220; header_line_height=&#8220;1.3em&#8220; header_2_font=&#8220;||||||||&#8220; max_width=&#8220;600px&#8220; min_height=&#8220;134px&#8220; custom_margin=&#8220;|||&#8220; custom_margin_tablet=&#8220;0px|50px||50px&#8220; custom_margin_phone=&#8220;|20px||&#8220; custom_margin_last_edited=&#8220;off|desktop&#8220; custom_padding=&#8220;|0px||||&#8220; text_line_height_tablet=&#8220;1.8em&#8220; text_line_height_phone=&#8220;1.8em&#8220; text_line_height_last_edited=&#8220;on|phone&#8220; header_font_size_tablet=&#8220;&#8220; header_font_size_phone=&#8220;36px&#8220; header_font_size_last_edited=&#8220;on|phone&#8220; header_2_font_size_phone=&#8220;30px&#8220; header_2_font_size_last_edited=&#8220;off|desktop&#8220; locked=&#8220;off&#8220; global_colors_info=&#8220;{}&#8220;]<\/p>\n<h1><span style=\"color: #ffffff;\"><strong>Unsere Leistungen<\/strong><\/span><\/h1>\n<p>[\/et_pb_text][\/et_pb_column][et_pb_column type=&#8220;1_2&#8243; _builder_version=&#8220;4.16&#8243; custom_padding=&#8220;|||&#8220; global_colors_info=&#8220;{}&#8220; custom_padding__hover=&#8220;|||&#8220;][\/et_pb_column][\/et_pb_row][\/et_pb_section][et_pb_section fb_built=&#8220;1&#8243; _builder_version=&#8220;4.21.0&#8243; custom_padding=&#8220;|0px|0px|0px|false|false&#8220; locked=&#8220;off&#8220; global_colors_info=&#8220;{}&#8220;][et_pb_row _builder_version=&#8220;4.21.0&#8243; _module_preset=&#8220;default&#8220; global_colors_info=&#8220;{}&#8220;][et_pb_column type=&#8220;4_4&#8243; _builder_version=&#8220;4.16&#8243; _module_preset=&#8220;default&#8220; global_colors_info=&#8220;{}&#8220;][et_pb_slider _builder_version=&#8220;4.21.0&#8243; _module_preset=&#8220;default&#8220; header_level=&#8220;h6&#8243; auto=&#8220;on&#8220; auto_ignore_hover=&#8220;on&#8220; hover_enabled=&#8220;0&#8243; header_text_shadow_style=&#8220;preset1&#8243; header_text_shadow_blur_strength=&#8220;0.09em&#8220; header_text_shadow_color=&#8220;#333333&#8243; global_colors_info=&#8220;{}&#8220; sticky_enabled=&#8220;0&#8243;][et_pb_slide heading=&#8220;Behandlungspflege SGB V&#8220; button_text=&#8220;Erfahren Sie mehr&#8220; button_link=&#8220;@ET-DC@eyJkeW5hbWljIjp0cnVlLCJjb250ZW50IjoicG9zdF9saW5rX3VybF9wYWdlIiwic2V0dGluZ3MiOnsicG9zdF9pZCI6IjEzNSJ9fQ==@&#8220; _builder_version=&#8220;4.21.0&#8243; _dynamic_attributes=&#8220;button_link&#8220; _module_preset=&#8220;default&#8220; header_font=&#8220;|700|||||||&#8220; background_image=&#8220;https:\/\/pflege-maya.de\/wp-content\/uploads\/2023\/07\/SGB-V-Kachel.jpg&#8220; background_enable_image=&#8220;on&#8220; custom_button=&#8220;on&#8220; button_text_color=&#8220;#333333&#8243; button_bg_color=&#8220;#FFFFFF&#8220; button_border_color=&#8220;RGBA(255,255,255,0)&#8220; button_border_radius=&#8220;100px&#8220; button_font=&#8220;|600|||||||&#8220; global_colors_info=&#8220;{}&#8220; button_text__hover_enabled=&#8220;on|hover&#8220; button_border_color__hover_enabled=&#8220;on|hover&#8220; button_border_color__hover=&#8220;RGBA(255,255,255,0)&#8220; button_text__hover=&#8220;Erfahren Sie mehr&#8220; sticky_transition=&#8220;on&#8220; title_text=&#8220;SGB V Kachel&#8220;][\/et_pb_slide][et_pb_slide heading=&#8220;Grundpflege SGB XI&#8220; button_text=&#8220;@ET-DC@eyJkeW5hbWljIjp0cnVlLCJjb250ZW50IjoicG9zdF9saW5rIiwic2V0dGluZ3MiOnsiYmVmb3JlIjoiIiwiYWZ0ZXIiOiIiLCJ0ZXh0IjoicG9zdF90aXRsZSIsImN1c3RvbV90ZXh0IjoiIn19@&#8220; button_link=&#8220;@ET-DC@eyJkeW5hbWljIjp0cnVlLCJjb250ZW50IjoicG9zdF9saW5rX3VybF9wYWdlIiwic2V0dGluZ3MiOnsicG9zdF9pZCI6IjI2MiJ9fQ==@&#8220; _builder_version=&#8220;4.21.0&#8243; _dynamic_attributes=&#8220;button_text,button_link&#8220; _module_preset=&#8220;default&#8220; header_font=&#8220;|700|||||||&#8220; background_image=&#8220;https:\/\/pflege-maya.de\/wp-content\/uploads\/2023\/07\/Grundpflege_Kategorie.png&#8220; background_enable_image=&#8220;on&#8220; custom_button=&#8220;on&#8220; button_text_color=&#8220;#333333&#8243; button_bg_color=&#8220;#FFFFFF&#8220; button_border_color=&#8220;RGBA(255,255,255,0)&#8220; button_border_radius=&#8220;100px&#8220; button_font=&#8220;|600|||||||&#8220; global_colors_info=&#8220;{}&#8220; button_text__hover_enabled=&#8220;on|hover&#8220; button_border_color__hover_enabled=&#8220;on|hover&#8220; button_border_color__hover=&#8220;RGBA(255,255,255,0)&#8220; button_text__hover=&#8220;Erfahren Sie mehr&#8220; sticky_transition=&#8220;on&#8220;][\/et_pb_slide][et_pb_slide heading=&#8220;Hauswirtschaftliche Versorgung&#8220; button_text=&#8220;Erfahren Sie mehr&#8220; button_link=&#8220;@ET-DC@eyJkeW5hbWljIjp0cnVlLCJjb250ZW50IjoicG9zdF9saW5rX3VybF9wYWdlIiwic2V0dGluZ3MiOnsicG9zdF9pZCI6IjI2NyJ9fQ==@&#8220; _builder_version=&#8220;4.21.0&#8243; _dynamic_attributes=&#8220;button_link&#8220; _module_preset=&#8220;default&#8220; header_font=&#8220;|700|||||||&#8220; background_image=&#8220;https:\/\/pflege-maya.de\/wp-content\/uploads\/2023\/07\/Hauswirtschaft_Kachel.png&#8220; background_enable_image=&#8220;on&#8220; custom_button=&#8220;on&#8220; button_text_color=&#8220;#333333&#8243; button_bg_color=&#8220;#FFFFFF&#8220; button_border_color=&#8220;RGBA(255,255,255,0)&#8220; button_border_radius=&#8220;100px&#8220; button_font=&#8220;|600|||||||&#8220; hover_enabled=&#8220;0&#8243; global_colors_info=&#8220;{}&#8220; button_text__hover_enabled=&#8220;on|hover&#8220; button_border_color__hover_enabled=&#8220;on|hover&#8220; button_border_color__hover=&#8220;RGBA(255,255,255,0)&#8220; button_text__hover=&#8220;Erfahren Sie mehr&#8220; sticky_transition=&#8220;on&#8220; title_text=&#8220;Hauswirtschaft_Kachel&#8220; sticky_enabled=&#8220;0&#8243;][\/et_pb_slide][et_pb_slide heading=&#8220;\u00a745b SGB XI zus\u00e4tzliche Betreuungsleistung&#8220; button_text=&#8220;Erfahren Sie mehr&#8220; button_link=&#8220;@ET-DC@eyJkeW5hbWljIjp0cnVlLCJjb250ZW50IjoicG9zdF9saW5rX3VybF9wYWdlIiwic2V0dGluZ3MiOnsicG9zdF9pZCI6IjI3MSJ9fQ==@&#8220; _builder_version=&#8220;4.21.0&#8243; _dynamic_attributes=&#8220;button_link&#8220; _module_preset=&#8220;default&#8220; header_font=&#8220;|700|||||||&#8220; background_image=&#8220;https:\/\/pflege-maya.de\/wp-content\/uploads\/2023\/07\/ZusatzBetreuung_Kachel.png&#8220; background_enable_image=&#8220;on&#8220; custom_button=&#8220;on&#8220; button_text_color=&#8220;#333333&#8243; button_bg_color=&#8220;#FFFFFF&#8220; button_border_color=&#8220;RGBA(255,255,255,0)&#8220; button_border_radius=&#8220;100px&#8220; button_font=&#8220;|600|||||||&#8220; hover_enabled=&#8220;0&#8243; global_colors_info=&#8220;{}&#8220; button_text__hover_enabled=&#8220;on|hover&#8220; button_border_color__hover_enabled=&#8220;on|hover&#8220; button_border_color__hover=&#8220;RGBA(255,255,255,0)&#8220; button_text__hover=&#8220;Erfahren Sie mehr&#8220; sticky_transition=&#8220;on&#8220; background_enable_color=&#8220;off&#8220; title_text=&#8220;ZusatzBetreuung_Kachel&#8220; sticky_enabled=&#8220;0&#8243;][\/et_pb_slide][\/et_pb_slider][\/et_pb_column][\/et_pb_row][et_pb_row _builder_version=&#8220;4.16&#8243; _module_preset=&#8220;default&#8220; min_height=&#8220;437px&#8220; custom_margin=&#8220;|auto|1em|auto|false|false&#8220; global_colors_info=&#8220;{}&#8220;][et_pb_column type=&#8220;4_4&#8243; _builder_version=&#8220;4.16&#8243; _module_preset=&#8220;default&#8220; global_colors_info=&#8220;{}&#8220;][et_pb_text _builder_version=&#8220;4.21.0&#8243; _module_preset=&#8220;default&#8220; text_font=&#8220;|700|||||||&#8220; text_font_size=&#8220;29px&#8220; header_3_text_color=&#8220;#666666&#8243; global_colors_info=&#8220;{}&#8220;]<\/p>\n<p>Pflegesituation in Deutschland<\/p>\n<p>[\/et_pb_text][et_pb_counters bar_bg_color=&#8220;#66ccff&#8220; _builder_version=&#8220;4.21.0&#8243; _module_preset=&#8220;default&#8220; title_font_size=&#8220;19px&#8220; global_colors_info=&#8220;{}&#8220;][et_pb_counter percent=&#8220;63&#8243; _builder_version=&#8220;4.21.0&#8243; _module_preset=&#8220;default&#8220; global_colors_info=&#8220;{}&#8220; bar_background_color_default=&#8220;#66ccff&#8220; use_percentages=&#8220;on&#8220;]Zuhause von Angeh\u00f6rigen versorgt[\/et_pb_counter][et_pb_counter percent=&#8220;21&#8243; _builder_version=&#8220;4.21.0&#8243; _module_preset=&#8220;default&#8220; global_colors_info=&#8220;{}&#8220; bar_background_color_default=&#8220;#66ccff&#8220; use_percentages=&#8220;on&#8220;]Von professionellen Pflegediensten versorgt[\/et_pb_counter][et_pb_counter percent=&#8220;50&#8243; _builder_version=&#8220;4.21.0&#8243; _module_preset=&#8220;default&#8220; global_colors_info=&#8220;{}&#8220; bar_background_color_default=&#8220;#66ccff&#8220; use_percentages=&#8220;on&#8220;]Pflegebed\u00fcrftige vollstation\u00e4r in Pflegeheimen versorgt[\/et_pb_counter][\/et_pb_counters][et_pb_text _builder_version=&#8220;4.21.0&#8243; _module_preset=&#8220;default&#8220; global_colors_info=&#8220;{}&#8220;]<\/p>\n<p>Quelle: <a href=\"https:\/\/www.destatis.de\/\">https:\/\/www.destatis.de\/<\/a> Bezugsjahr: 2023<\/p>\n<p>[\/et_pb_text][et_pb_text _builder_version=&#8220;4.21.0&#8243; _module_preset=&#8220;default&#8220; text_font_size=&#8220;19px&#8220; global_colors_info=&#8220;{}&#8220;]<\/p>\n<p style=\"text-align: justify;\"><strong>63 %<\/strong> der Pflegebed\u00fcrftigen werden in Deutschland von Ihren Angeh\u00f6rigen versorgt. Es ist nicht nur eine Dauerbelastung f\u00fcr die Angeh\u00f6rigen, da die Betroffenen beruflich k\u00fcrzer treten m\u00fcssen und kein Privatleben mehr haben. Es sorgt auch daf\u00fcr, dass der notwendige Pflegebedarf nicht ausreichend abgedeckt wird und das schadet den Pflegebed\u00fcrftigen sowohl als auch den Angeh\u00f6rigen. Bedingt durch den demografischen Wandel wird es in Zukunft mehr pflegebed\u00fcrftige Personen geben. Dem ambulanten Pflegedienst wird eine Schl\u00fcsselrolle zuteil, da station\u00e4re Pflegeheime nicht den ganzen Bedarf abdecken k\u00f6nnen und einige pflegebed\u00fcrftige Personen den Wunsch haben, zuhause gepflegt zu werden.<\/p>\n<p>[\/et_pb_text][\/et_pb_column][\/et_pb_row][\/et_pb_section][et_pb_section fb_built=&#8220;1&#8243; _builder_version=&#8220;4.21.0&#8243; _module_preset=&#8220;default&#8220; custom_margin=&#8220;-4em||||false|false&#8220; global_colors_info=&#8220;{}&#8220;][et_pb_row _builder_version=&#8220;4.16&#8243; _module_preset=&#8220;default&#8220; custom_margin=&#8220;||3em||false|false&#8220; global_colors_info=&#8220;{}&#8220;][et_pb_column type=&#8220;4_4&#8243; _builder_version=&#8220;4.16&#8243; _module_preset=&#8220;default&#8220; global_colors_info=&#8220;{}&#8220;][et_pb_text _builder_version=&#8220;4.21.0&#8243; _module_preset=&#8220;default&#8220; header_text_color=&#8220;#666666&#8243; header_2_font_size=&#8220;33px&#8220; global_colors_info=&#8220;{}&#8220;]<\/p>\n<h2><span style=\"color: #666666;\"><strong>Kostenlose Erstberatung<\/strong><\/span><\/h2>\n<p>[\/et_pb_text][et_pb_text _builder_version=&#8220;4.21.0&#8243; _module_preset=&#8220;default&#8220; text_font_size=&#8220;19px&#8220; global_colors_info=&#8220;{}&#8220;]<\/p>\n<p style=\"text-align: justify;\">Wenn Sie derzeit Pflege leisten oder einen pflegebed\u00fcrftigen Angeh\u00f6rigen haben, k\u00fcmmern Sie sich lieber fr\u00fchzeitig um Hilfe. Eine bessere Pflegesituation kann sich positiv auf den Gesundheitszustand auswirken und tr\u00e4gt zur Stabilisierung bei. Wir bieten eine kostenlose Beratung an und helfen Ihnen gerne bei der Antragstellung f\u00fcr die Pflegegradeinstufung.<\/p>\n<p>[\/et_pb_text][et_pb_text _builder_version=&#8220;4.21.0&#8243; _module_preset=&#8220;default&#8220; header_2_text_color=&#8220;#666666&#8243; global_colors_info=&#8220;{}&#8220;]<\/p>\n<h2>Terminvereinbarung: 069 \/ 38 07 95 402<\/h2>\n<p>[\/et_pb_text][et_pb_button button_url=&#8220;@ET-DC@eyJkeW5hbWljIjp0cnVlLCJjb250ZW50IjoicG9zdF9saW5rX3VybF9wYWdlIiwic2V0dGluZ3MiOnsicG9zdF9pZCI6IjcxIn19@&#8220; button_text=&#8220;Zur Startseite&#8220; _builder_version=&#8220;4.21.0&#8243; _dynamic_attributes=&#8220;button_url&#8220; _module_preset=&#8220;default&#8220; custom_button=&#8220;on&#8220; button_text_color=&#8220;#ffffff&#8220; button_bg_color=&#8220;#66ccff&#8220; button_border_width=&#8220;0px&#8220; button_border_color=&#8220;#ffffff&#8220; button_border_radius=&#8220;100px&#8220; button_font=&#8220;|600|||||||&#8220; custom_padding=&#8220;0.5em|1.5em|0.5em|1.5em|true|true&#8220; global_colors_info=&#8220;{}&#8220;][\/et_pb_button][\/et_pb_column][\/et_pb_row][et_pb_row use_custom_gutter=&#8220;on&#8220; _builder_version=&#8220;4.21.0&#8243; use_background_color_gradient=&#8220;on&#8220; background_color_gradient_stops=&#8220;rgba(49,128,192,0.2) 0%|rgba(49,128,192,0.6) 100%&#8220; background_color_gradient_overlays_image=&#8220;on&#8220; background_color_gradient_start=&#8220;rgba(49,128,192,0.2)&#8220; background_color_gradient_end=&#8220;rgba(49,128,192,0.6)&#8220; background_image=&#8220;https:\/\/pflege-maya.de\/wp-content\/uploads\/2023\/07\/Beratunggespraech_Bild.jpg&#8220; width=&#8220;93%&#8220; max_width=&#8220;93%&#8220; module_alignment=&#8220;right&#8220; custom_margin=&#8220;|||&#8220; custom_margin_phone=&#8220;|||&#8220; custom_margin_last_edited=&#8220;off|desktop&#8220; custom_padding=&#8220;100px|40px|100px|40px|true|true&#8220; animation_style=&#8220;slide&#8220; animation_direction=&#8220;right&#8220; animation_intensity_slide=&#8220;5%&#8220; hover_enabled=&#8220;0&#8243; border_radii=&#8220;|30px|||30px&#8220; box_shadow_style=&#8220;preset3&#8243; box_shadow_vertical=&#8220;30px&#8220; box_shadow_blur=&#8220;80px&#8220; box_shadow_spread=&#8220;-30px&#8220; box_shadow_color=&#8220;rgba(102,141,186,0.7)&#8220; use_custom_width=&#8220;on&#8220; width_unit=&#8220;off&#8220; custom_width_percent=&#8220;93%&#8220; global_colors_info=&#8220;{}&#8220; title_text=&#8220;Beratunggespr\u00e4ch_Bild&#8220; sticky_enabled=&#8220;0&#8243;][et_pb_column type=&#8220;4_4&#8243; _builder_version=&#8220;4.16&#8243; custom_padding=&#8220;|||&#8220; global_colors_info=&#8220;{}&#8220; custom_padding__hover=&#8220;|||&#8220;][et_pb_text _builder_version=&#8220;4.16&#8243; header_font=&#8220;||||||||&#8220; header_2_font=&#8220;Montserrat|300|||||||&#8220; header_2_text_align=&#8220;center&#8220; header_2_text_color=&#8220;#ffffff&#8220; header_2_font_size=&#8220;55px&#8220; header_2_line_height=&#8220;1.4em&#8220; max_width=&#8220;900px&#8220; module_alignment=&#8220;center&#8220; header_2_font_size_tablet=&#8220;40px&#8220; header_2_font_size_phone=&#8220;30px&#8220; header_2_font_size_last_edited=&#8220;on|phone&#8220; global_colors_info=&#8220;{}&#8220;]<\/p>\n<h2><strong>Buchen Sie einen kostenfreien Beratungstermin<\/strong><\/h2>\n<p>[\/et_pb_text][et_pb_text _builder_version=&#8220;4.21.0&#8243; text_font=&#8220;Montserrat|300|||||||&#8220; text_font_size=&#8220;22px&#8220; header_font=&#8220;||||||||&#8220; text_orientation=&#8220;center&#8220; background_layout=&#8220;dark&#8220; global_colors_info=&#8220;{}&#8220;]<\/p>\n<p><strong>In Notf\u00e4llen steht Ihnen jederzeit unsere Service-Hotline zur Verf\u00fcgung.<\/strong><\/p>\n<p><strong>069 \/ 38 07 95 402 <\/strong><\/p>\n<p>[\/et_pb_text][et_pb_contact_form captcha=&#8220;off&#8220; submit_button_text=&#8220;Nachricht versenden&#8220; admin_label=&#8220;Contact Form&#8220; module_id=&#8220;et_pb_contact_form_0&#8243; _builder_version=&#8220;4.16&#8243; form_field_background_color=&#8220;#ffffff&#8220; form_field_text_color=&#8220;rgba(0,0,0,0.4)&#8220; title_font=&#8220;||||||||&#8220; form_field_font=&#8220;Montserrat||||||||&#8220; form_field_line_height=&#8220;1.8em&#8220; custom_button=&#8220;on&#8220; button_text_size=&#8220;14px&#8220; button_text_color=&#8220;#ffffff&#8220; button_bg_color=&#8220;#66ccff&#8220; button_border_width=&#8220;18px&#8220; button_border_color=&#8220;rgba(0,0,0,0)&#8220; button_border_radius=&#8220;32px&#8220; button_letter_spacing=&#8220;1px&#8220; button_font=&#8220;Montserrat|500|||||||&#8220; button_custom_margin=&#8220;1em||||false|false&#8220; button_custom_padding=&#8220;0px||||false|false&#8220; max_width=&#8220;800px&#8220; module_alignment=&#8220;center&#8220; border_radii=&#8220;on|8px|8px|8px|8px&#8220; form_background_color=&#8220;#ffffff&#8220; global_colors_info=&#8220;{}&#8220;][et_pb_contact_field field_id=&#8220;Name&#8220; field_title=&#8220;Nachname | Vorname&#8220; _builder_version=&#8220;4.16&#8243; global_colors_info=&#8220;{}&#8220; button_text_size__hover_enabled=&#8220;off&#8220; button_one_text_size__hover_enabled=&#8220;off&#8220; button_two_text_size__hover_enabled=&#8220;off&#8220; button_text_color__hover_enabled=&#8220;off&#8220; button_one_text_color__hover_enabled=&#8220;off&#8220; button_two_text_color__hover_enabled=&#8220;off&#8220; button_border_width__hover_enabled=&#8220;off&#8220; button_one_border_width__hover_enabled=&#8220;off&#8220; button_two_border_width__hover_enabled=&#8220;off&#8220; button_border_color__hover_enabled=&#8220;off&#8220; button_one_border_color__hover_enabled=&#8220;off&#8220; button_two_border_color__hover_enabled=&#8220;off&#8220; button_border_radius__hover_enabled=&#8220;off&#8220; button_one_border_radius__hover_enabled=&#8220;off&#8220; button_two_border_radius__hover_enabled=&#8220;off&#8220; button_letter_spacing__hover_enabled=&#8220;off&#8220; button_one_letter_spacing__hover_enabled=&#8220;off&#8220; button_two_letter_spacing__hover_enabled=&#8220;off&#8220; button_bg_color__hover_enabled=&#8220;off&#8220; button_one_bg_color__hover_enabled=&#8220;off&#8220; button_two_bg_color__hover_enabled=&#8220;off&#8220;][\/et_pb_contact_field][et_pb_contact_field field_id=&#8220;Telefon&#8220; field_title=&#8220;Telefon&#8220; field_type=&#8220;email&#8220; _builder_version=&#8220;4.16&#8243; global_colors_info=&#8220;{}&#8220; button_text_size__hover_enabled=&#8220;off&#8220; button_one_text_size__hover_enabled=&#8220;off&#8220; button_two_text_size__hover_enabled=&#8220;off&#8220; button_text_color__hover_enabled=&#8220;off&#8220; button_one_text_color__hover_enabled=&#8220;off&#8220; button_two_text_color__hover_enabled=&#8220;off&#8220; button_border_width__hover_enabled=&#8220;off&#8220; button_one_border_width__hover_enabled=&#8220;off&#8220; button_two_border_width__hover_enabled=&#8220;off&#8220; button_border_color__hover_enabled=&#8220;off&#8220; button_one_border_color__hover_enabled=&#8220;off&#8220; button_two_border_color__hover_enabled=&#8220;off&#8220; button_border_radius__hover_enabled=&#8220;off&#8220; button_one_border_radius__hover_enabled=&#8220;off&#8220; button_two_border_radius__hover_enabled=&#8220;off&#8220; button_letter_spacing__hover_enabled=&#8220;off&#8220; button_one_letter_spacing__hover_enabled=&#8220;off&#8220; button_two_letter_spacing__hover_enabled=&#8220;off&#8220; button_bg_color__hover_enabled=&#8220;off&#8220; button_one_bg_color__hover_enabled=&#8220;off&#8220; button_two_bg_color__hover_enabled=&#8220;off&#8220;][\/et_pb_contact_field][et_pb_contact_field field_id=&#8220;E-Mail&#8220; field_title=&#8220;E-Mail Adresse&#8220; field_type=&#8220;email&#8220; fullwidth_field=&#8220;on&#8220; _builder_version=&#8220;4.16&#8243; global_colors_info=&#8220;{}&#8220; button_text_size__hover_enabled=&#8220;off&#8220; button_one_text_size__hover_enabled=&#8220;off&#8220; button_two_text_size__hover_enabled=&#8220;off&#8220; button_text_color__hover_enabled=&#8220;off&#8220; button_one_text_color__hover_enabled=&#8220;off&#8220; button_two_text_color__hover_enabled=&#8220;off&#8220; button_border_width__hover_enabled=&#8220;off&#8220; button_one_border_width__hover_enabled=&#8220;off&#8220; button_two_border_width__hover_enabled=&#8220;off&#8220; button_border_color__hover_enabled=&#8220;off&#8220; button_one_border_color__hover_enabled=&#8220;off&#8220; button_two_border_color__hover_enabled=&#8220;off&#8220; button_border_radius__hover_enabled=&#8220;off&#8220; button_one_border_radius__hover_enabled=&#8220;off&#8220; button_two_border_radius__hover_enabled=&#8220;off&#8220; button_letter_spacing__hover_enabled=&#8220;off&#8220; button_one_letter_spacing__hover_enabled=&#8220;off&#8220; button_two_letter_spacing__hover_enabled=&#8220;off&#8220; button_bg_color__hover_enabled=&#8220;off&#8220; button_one_bg_color__hover_enabled=&#8220;off&#8220; button_two_bg_color__hover_enabled=&#8220;off&#8220;][\/et_pb_contact_field][et_pb_contact_field field_id=&#8220;Nachricht&#8220; field_title=&#8220;Nachricht&#8220; field_type=&#8220;text&#8220; fullwidth_field=&#8220;on&#8220; _builder_version=&#8220;4.16&#8243; global_colors_info=&#8220;{}&#8220; button_text_size__hover_enabled=&#8220;off&#8220; button_one_text_size__hover_enabled=&#8220;off&#8220; button_two_text_size__hover_enabled=&#8220;off&#8220; button_text_color__hover_enabled=&#8220;off&#8220; button_one_text_color__hover_enabled=&#8220;off&#8220; button_two_text_color__hover_enabled=&#8220;off&#8220; button_border_width__hover_enabled=&#8220;off&#8220; button_one_border_width__hover_enabled=&#8220;off&#8220; button_two_border_width__hover_enabled=&#8220;off&#8220; button_border_color__hover_enabled=&#8220;off&#8220; button_one_border_color__hover_enabled=&#8220;off&#8220; button_two_border_color__hover_enabled=&#8220;off&#8220; button_border_radius__hover_enabled=&#8220;off&#8220; button_one_border_radius__hover_enabled=&#8220;off&#8220; button_two_border_radius__hover_enabled=&#8220;off&#8220; button_letter_spacing__hover_enabled=&#8220;off&#8220; button_one_letter_spacing__hover_enabled=&#8220;off&#8220; button_two_letter_spacing__hover_enabled=&#8220;off&#8220; button_bg_color__hover_enabled=&#8220;off&#8220; button_one_bg_color__hover_enabled=&#8220;off&#8220; button_two_bg_color__hover_enabled=&#8220;off&#8220;][\/et_pb_contact_field][\/et_pb_contact_form][\/et_pb_column][\/et_pb_row][\/et_pb_section]<\/p>\n","protected":false},"excerpt":{"rendered":"<p>Unsere LeistungenPflegesituation in DeutschlandZuhause von Angeh\u00f6rigen versorgtVon professionellen Pflegediensten versorgtPflegebed\u00fcrftige vollstation\u00e4r in Pflegeheimen versorgtQuelle: https:\/\/www.destatis.de\/ Bezugsjahr: 202363 % der Pflegebed\u00fcrftigen werden in Deutschland von Ihren Angeh\u00f6rigen versorgt. Es ist nicht nur eine Dauerbelastung f\u00fcr die Angeh\u00f6rigen, da die Betroffenen beruflich k\u00fcrzer treten m\u00fcssen und kein Privatleben mehr haben. Es sorgt auch daf\u00fcr, dass der notwendige [&hellip;]<\/p>\n","protected":false},"author":1,"featured_media":0,"parent":0,"menu_order":0,"comment_status":"closed","ping_status":"closed","template":"","meta":{"_et_pb_use_builder":"on","_et_pb_old_content":"<!-- wp:divi\/placeholder \/-->","_et_gb_content_width":"","footnotes":""},"class_list":["post-360","page","type-page","status-publish","hentry"],"_links":{"self":[{"href":"https:\/\/pflege-maya.de\/index.php?rest_route=\/wp\/v2\/pages\/360","targetHints":{"allow":["GET"]}}],"collection":[{"href":"https:\/\/pflege-maya.de\/index.php?rest_route=\/wp\/v2\/pages"}],"about":[{"href":"https:\/\/pflege-maya.de\/index.php?rest_route=\/wp\/v2\/types\/page"}],"author":[{"embeddable":true,"href":"https:\/\/pflege-maya.de\/index.php?rest_route=\/wp\/v2\/users\/1"}],"replies":[{"embeddable":true,"href":"https:\/\/pflege-maya.de\/index.php?rest_route=%2Fwp%2Fv2%2Fcomments&post=360"}],"version-history":[{"count":27,"href":"https:\/\/pflege-maya.de\/index.php?rest_route=\/wp\/v2\/pages\/360\/revisions"}],"predecessor-version":[{"id":620,"href":"https:\/\/pflege-maya.de\/index.php?rest_route=\/wp\/v2\/pages\/360\/revisions\/620"}],"wp:attachment":[{"href":"https:\/\/pflege-maya.de\/index.php?rest_route=%2Fwp%2Fv2%2Fmedia&parent=360"}],"curies":[{"name":"wp","href":"https:\/\/api.w.org\/{rel}","templated":true}]}}